{"id":700,"date":"2025-01-24T21:00:50","date_gmt":"2025-01-24T21:00:50","guid":{"rendered":"https:\/\/freeazawad.com\/?page_id=700"},"modified":"2026-06-30T06:44:00","modified_gmt":"2026-06-30T06:44:00","slug":"a-propos-du-groupe-de-soutien-azawad","status":"publish","type":"page","link":"https:\/\/freeazawad.com\/fr\/a-propos-du-groupe-de-soutien-azawad\/","title":{"rendered":"A PROPOS DU GROUPE DE SOUTIEN AZAWAD"},"content":{"rendered":"<figure class=\"wp-block-image size-large is-resized\"><img loading=\"lazy\" decoding=\"async\" width=\"1288\" height=\"1100\" src=\"https:\/\/i0.wp.com\/freeazawad.com\/wp-content\/uploads\/2025\/12\/Azawad-landscape-sunset-1.png?fit=1024%2C875&amp;ssl=1\" alt=\"Paysage de l&#039;Azawad au coucher du soleil\" class=\"wp-image-9932\" style=\"aspect-ratio:1.1703096539162112;width:1200px;height:auto\" srcset=\"https:\/\/i0.wp.com\/freeazawad.com\/wp-content\/uploads\/2025\/12\/Azawad-landscape-sunset-1.png?w=1288&amp;ssl=1 1288w, https:\/\/i0.wp.com\/freeazawad.com\/wp-content\/uploads\/2025\/12\/Azawad-landscape-sunset-1.png?resize=300%2C256&amp;ssl=1 300w, https:\/\/i0.wp.com\/freeazawad.com\/wp-content\/uploads\/2025\/12\/Azawad-landscape-sunset-1.png?resize=1024%2C875&amp;ssl=1 1024w, https:\/\/i0.wp.com\/freeazawad.com\/wp-content\/uploads\/2025\/12\/Azawad-landscape-sunset-1.png?resize=768%2C656&amp;ssl=1 768w, https:\/\/i0.wp.com\/freeazawad.com\/wp-content\/uploads\/2025\/12\/Azawad-landscape-sunset-1.png?resize=14%2C12&amp;ssl=1 14w\" sizes=\"auto, (max-width: 1000px) 100vw, 1000px\" \/><\/figure>\n\n\n\n<p style=\"font-size:clamp(19.481px, 1.218rem + ((1vw - 3.2px) * 1.309), 31px);\" class=\"wp-block-paragraph\">COMBATTANTS DE LA LIBERT\u00c9, \u00c9CRIVAINS DE LA LIBERT\u00c9 ! <\/p>\n\n\n\n<p class=\"wp-block-paragraph\">Le Groupe de soutien \u00e0 l'Azawad est un collectif international de militants et de sympathisants de la cause de l'Azawad, \u0153uvrant individuellement et collectivement. Il est compos\u00e9 de Touaregs, d'amis et d'alli\u00e9s des Touaregs, vivant dans diff\u00e9rents pays \u00e0 travers le monde. Le Groupe de soutien \u00e0 l'Azawad n'organise ni manifestations ni autres actions. Nous publions uniquement sur les r\u00e9seaux sociaux et sur ce site web, parfois en collaboration avec d'autres contributeurs.<\/p>\n\n\n\n<p class=\"wp-block-paragraph\">Ce site web a pour but de sensibiliser le public \u00e0 la situation en Azawad et au g\u00e9nocide qui s'y d\u00e9roule actuellement. Nous savons qu'il s'agit d'une cause l\u00e9gitime et juste pour le peuple d'Azawad, qui a le droit de vivre en libert\u00e9 et en ind\u00e9pendance sur sa propre terre, comme tout autre peuple. Notre mission est de soutenir ce peuple, de ne pas rester silencieux face \u00e0 l'adversit\u00e9 et \u00e0 l'oppression, face \u00e0 tous les crimes commis contre lui dans le cadre de ce terrible g\u00e9nocide. Se taire, quand on peut agir, c'est \u00eatre complice. Nous sommes l\u00e0 pour briser le silence et soutenir le peuple d'Azawad.<\/p>\n\n\n\n<p class=\"wp-block-paragraph\">Leur terre, qui a \u00e9t\u00e9 vol\u00e9e et colonis\u00e9e par la France qui l'a appel\u00e9e \"Soudan fran\u00e7ais\", (comment la terre des autres peut-elle \u00eatre la leur ? \u00eatre \"fran\u00e7aise\" ? elle n'a jamais \u00e9t\u00e9 fran\u00e7aise...) et qui - avec arrogance, sans la moindre consid\u00e9ration pour le fait qu'il y avait d\u00e9j\u00e0 des gens qui vivaient l\u00e0, et sans leur consentement - l'a c\u00e9d\u00e9e au Mali, qui \u00e9tait l'\u00c9tat qu'ils ont cr\u00e9\u00e9 \u00e0 la fin de leur colonisation, en tra\u00e7ant des fronti\u00e8res artificielles dans cette zone d\u00e9sertique o\u00f9 de nombreux nomades vivaient d\u00e9j\u00e0 une vie libre sans fronti\u00e8res, comme ils l'avaient toujours fait depuis des milliers d'ann\u00e9es.<\/p>\n\n\n\n<p class=\"wp-block-paragraph\">Les habitants de l\u2019Azawad ne souhaitent qu\u2019une chose : \u00eatre lib\u00e9r\u00e9s de l\u2019injustice, du racisme, de l\u2019oppression, de la marginalisation et du g\u00e9nocide, tout simplement parce qu\u2019ils existent et ont exist\u00e9 sur ces terres du grand Sahara depuis des temps imm\u00e9moriaux o\u00f9 leurs anc\u00eatres ont grav\u00e9 les tifinagh et les dessins d\u2019animaux et de personnages sur les rochers qui pars\u00e8ment toute la r\u00e9gion et qui sont aujourd\u2019hui la preuve ultime que cette terre leur appartient. C\u2019est aussi ce que chante le groupe de blues du d\u00e9sert Tamikrest dans sa chanson \u00ab Azawad \u00bb.<\/p>\n\n\n\n<p class=\"wp-block-paragraph\">Le tifinagh est leur \u00e9criture s\u00e9culaire, le plus vieil alphabet de la plan\u00e8te, toujours utilis\u00e9 par les Amazighs, dont les Touaregs sont une branche, qui se sont install\u00e9s dans le Sahara bien avant que le Mali n'existe, et qui ont form\u00e9 leur propre culture, diff\u00e9rente de toutes les autres. Eux aussi ont le droit de vivre sur leur terre, comme tout autre peuple, et ils luttent pour leur ind\u00e9pendance depuis les ann\u00e9es 1960.<\/p>\n\n\n\n<p class=\"wp-block-paragraph\">Les m\u00e9dias internationaux ne manquent pas de rappeler que de nombreux autres endroits de la plan\u00e8te sont le th\u00e9\u00e2tre de l'oppression de gouvernements totalitaires, de dictatures et de g\u00e9nocides perp\u00e9tr\u00e9s au nom du profit et du pouvoir, ce qui est une triste v\u00e9rit\u00e9 que tout le monde conna\u00eet mais..... pour une raison ou une autre, int\u00e9r\u00eats \u00e9conomiques ou autres, la situation de l'Azawad est pass\u00e9e sous silence.<\/p>\n\n\n\n<p style=\"font-size:clamp(19.481px, 1.218rem + ((1vw - 3.2px) * 1.309), 31px);\" class=\"wp-block-paragraph\">NOUS SOMMES ICI POUR DIRE AU MONDE CE QUI SE PASSE EN AZAWAD ET BRISER LE SILENCE SUR L'AZAWAD !<\/p>\n\n\n\n<figure class=\"wp-block-image size-large\"><img data-recalc-dims=\"1\" loading=\"lazy\" decoding=\"async\" width=\"1024\" height=\"640\" src=\"https:\/\/i0.wp.com\/freeazawad.com\/wp-content\/uploads\/2024\/12\/IMG_8113.jpg?resize=1024%2C640&#038;ssl=1\" alt=\"\" class=\"wp-image-287\"\/><\/figure>\n\n\n\n<p class=\"wp-block-paragraph\">Nous esp\u00e9rons voir une solution pacifique au probl\u00e8me entre l'Azawad et le Mali, deux nations distinctes qui n'auraient jamais d\u00fb \u00eatre rattach\u00e9es l'une \u00e0 l'autre, un dommage qui cause encore de s\u00e9rieux probl\u00e8mes d'oppression et de g\u00e9nocide sur la population azawadienne qui dure depuis 64 ans. Malheureusement, le Mali ne veut manifestement pas d'une solution pacifique et c'est pourquoi l'arm\u00e9e du Front de lib\u00e9ration de l'Azawad, le FLA, continue de lutter pour la libert\u00e9 du peuple de l'Azawad.<\/p>\n\n\n\n<p class=\"wp-block-paragraph\">Les soi-disant \"r\u00e9bellions touar\u00e8gues\" - qui devraient plut\u00f4t \u00eatre appel\u00e9es \"r\u00e9sistance et lutte pour la libert\u00e9\" - ne sont rien d'autre que la r\u00e9action d'un peuple \u00e0 une grave injustice, une marginalisation et une oppression allant jusqu'au g\u00e9nocide syst\u00e9matique en utilisant la politique de la terre br\u00fbl\u00e9e. Ceux qui disent que l'Azawad doit vivre en paix avec le Mali ne comprennent pas que les autorit\u00e9s maliennes ne veulent pas de paix, elles veulent l'extermination de l'Azawad. Ils l'ont toujours voulu, il y a trop de preuves \u00e0 ce sujet pour nous convaincre du contraire.<\/p>\n\n\n\n<p class=\"wp-block-paragraph\">Avant la colonisation et la cr\u00e9ation des fronti\u00e8res artificielles (les \"cl\u00f4tures\") et de l'Etat du Mali, l'Azawad \u00e9tait libre sans fronti\u00e8res et appartenait \u00e0 son peuple. Il doit leur \u00eatre restitu\u00e9. C'est une cause juste.<\/p>\n\n\n\n<p class=\"wp-block-paragraph\">C'est l'objectif de ce blog : sensibiliser, partager ce que nous voyons et soutenir la lutte pour la libert\u00e9 du peuple de l'Azawad.<\/p>\n\n\n\n<p class=\"wp-block-paragraph\">Groupe de Soutien Azawad 2025<\/p>\n\n\n\n<hr class=\"is-style-wide wp-block-separator has-alpha-channel-opacity\"\/>\n\n\n\n<p class=\"wp-block-paragraph\"><strong>Les pages utiles pour ceux qui veulent savoir ce qui se passe r\u00e9ellement dans la r\u00e9gion de l'Azawad sont :<\/strong><\/p>\n\n\n\n<p class=\"has-link-color has-medium-font-size wp-elements-1 wp-block-paragraph\"><a href=\"https:\/\/kal-akal.com\/?cat=3\" target=\"_blank\" rel=\"noreferrer noopener\">KAL AKAL<\/a><\/p>\n\n\n\n<p class=\"has-link-color has-medium-font-size wp-elements-2 wp-block-paragraph\"><a href=\"https:\/\/www.assiwil.info\/search\">POSTE ASSIWIL<\/a><\/p>\n\n\n\n<p class=\"has-link-color has-medium-font-size wp-elements-3 wp-block-paragraph\"><a href=\"https:\/\/www.imuhagh.org\/index.php\/home\">IMOUHAGH<\/a><\/p>\n\n\n\n<p class=\"has-link-color wp-elements-4 wp-block-paragraph\"><a href=\"https:\/\/azawadsolidarity.com\/\">SOLIDARIT\u00c9 AZAWAD<\/a><\/p>\n\n\n\n<p class=\"has-link-color has-medium-font-size wp-elements-5 wp-block-paragraph\"><a href=\"https:\/\/www.apm-azawad.com\/search\/label\/%C5%93il%20sur%20L%27azawad?m=1\" target=\"_blank\" rel=\"noreferrer noopener\">AGENCE DE PRESSE ET DES M\u00c9DIAS DE L'AZAWAD<\/a><\/p>\n\n\n\n<p class=\"has-link-color wp-elements-6 wp-block-paragraph\" style=\"font-size:clamp(14px, 0.875rem + ((1vw - 3.2px) * 0.682), 20px);\"><a href=\"https:\/\/tanakra.net\/\">TANAKRA<\/a><\/p>\n\n\n\n<p class=\"has-link-color has-medium-font-size wp-elements-7 wp-block-paragraph\"><a href=\"https:\/\/amazighworldnews.com\/the-crucial-amazigh-issue-that-many-are-not-aware-of-azawad-conflict-with-mali\/?fbclid=IwAR3R5wpopQeFTZq5nIRfAcjcpyBj4dL8DM113xq4snvuHCzyDoUM4eyUBD0\" target=\"_blank\" rel=\"noreferrer noopener\">ACTUALIT\u00c9S DU MONDE AMAZIGH<\/a><\/p>\n\n\n\n<p class=\"has-link-color has-medium-font-size wp-elements-8 wp-block-paragraph\"><a href=\"https:\/\/amadalamazigh.press.ma\/fr\/category\/monde-amazigh\/touareg\/\" target=\"_blank\" rel=\"noreferrer noopener\">AMAZIGH PRESS<\/a><\/p>\n\n\n\n<p class=\"has-link-color has-medium-font-size wp-elements-9 wp-block-paragraph\"><a href=\"https:\/\/lepeuplebreton.bzh\/2024\/08\/01\/massacres-sous-silence-azawad\/\" target=\"_blank\" rel=\"noreferrer noopener\">LE PEUPLE BRETON<\/a><\/p>\n\n\n\n<p class=\"has-link-color has-medium-font-size wp-elements-10 wp-block-paragraph\"><a href=\"https:\/\/observers.france24.com\/fr\/afrique\/20240423-drones-turcs-de-l-arm%C3%A9e-malienne-des-frappes-ciblent-les-civils\" target=\"_blank\" rel=\"noreferrer noopener\">LES OBSERVATEURS<\/a><\/p>\n\n\n\n<p class=\"has-link-color has-medium-font-size wp-elements-11 wp-block-paragraph\"><a href=\"https:\/\/www.amnesty.org\/fr\/latest\/news\/2024\/03\/mali-des-frappes-de-drone-ont-tue-13-civils-dont-sept-enfants-a-amaskarad-region-de-gao\/\" target=\"_blank\" rel=\"noreferrer noopener\">AMNESTY INTERNATIONAL<\/a><\/p>\n\n\n\n<p class=\"has-link-color has-medium-font-size wp-elements-12 wp-block-paragraph\"><a href=\"https:\/\/contre-poison.fr\/category\/monde\/afrique\/\" target=\"_blank\" rel=\"noreferrer noopener\">CONTRE POISON<\/a><\/p>\n\n\n\n<hr class=\"is-style-wide wp-block-separator has-alpha-channel-opacity\"\/>\n\n\n\n<p class=\"has-link-color has-superbfont-large-font-size wp-elements-13 wp-block-paragraph\">QUE POUVONS-NOUS FAIRE POUR SOUTENIR AZAWAD ?<\/p>\n\n\n\n<figure class=\"wp-block-image size-large\"><img data-recalc-dims=\"1\" loading=\"lazy\" decoding=\"async\" width=\"1014\" height=\"1024\" src=\"https:\/\/i0.wp.com\/freeazawad.com\/wp-content\/uploads\/2025\/01\/IMG_5960.jpg?resize=1014%2C1024&#038;ssl=1\" alt=\"\" class=\"wp-image-1251\" srcset=\"https:\/\/i0.wp.com\/freeazawad.com\/wp-content\/uploads\/2025\/01\/IMG_5960.jpg?resize=1014%2C1024&amp;ssl=1 1014w, https:\/\/i0.wp.com\/freeazawad.com\/wp-content\/uploads\/2025\/01\/IMG_5960.jpg?resize=297%2C300&amp;ssl=1 297w, https:\/\/i0.wp.com\/freeazawad.com\/wp-content\/uploads\/2025\/01\/IMG_5960.jpg?resize=150%2C150&amp;ssl=1 150w, https:\/\/i0.wp.com\/freeazawad.com\/wp-content\/uploads\/2025\/01\/IMG_5960.jpg?resize=768%2C775&amp;ssl=1 768w, https:\/\/i0.wp.com\/freeazawad.com\/wp-content\/uploads\/2025\/01\/IMG_5960.jpg?w=1242&amp;ssl=1 1242w\" sizes=\"auto, (max-width: 1000px) 100vw, 1000px\" \/><\/figure>\n\n\n\n<p class=\"wp-block-paragraph\">1 - Utilisez les r\u00e9seaux sociaux\u00a0: lisez et partagez des articles sur la situation \u00e0 l\u2019Azawad, et diffusez le lien vers les pages m\u00e9dias de l\u2019Azawad et ce blog sur Instagram, Facebook, Twitter\/X et TikTok. Les r\u00e9seaux sociaux sont essentiels\u00a0! Les m\u00e9dias modernes sont une arme puissante dans notre lutte pour la libert\u00e9 et l\u2019ind\u00e9pendance. Une pr\u00e9sence visuelle contribue \u00e0 sensibiliser le public \u00e0 l\u2019urgence de la situation \u00e0 l\u2019Azawad \u2013 qui n\u2019est pas un r\u00eave, mais une r\u00e9alit\u00e9 historique et une cause juste.<\/p>\n\n\n\n<p class=\"has-link-color wp-elements-14 wp-block-paragraph\">2 - <a href=\"https:\/\/tanakra.net\/?lang=fr\">Nouvelles de Tanakra<\/a> et d'autres, comme ce blog.<\/p>\n\n\n\n<p class=\"has-link-color wp-elements-15 wp-block-paragraph\">3 - Essayez de trouver des personnes ayant des objectifs similaires et faites quelque chose ensemble si possible, que ce soit en ligne, hors ligne ou les deux. Nous ne vivons pas tous dans les m\u00eames pays, bien au contraire. Organisez des r\u00e9unions d'information, rassemblez des listes de protestation, impliquez les gens, sensibilisez-les de la mani\u00e8re qui vous convient le mieux et qui correspond \u00e0 votre situation.<\/p>\n\n\n\n<p class=\"has-link-color wp-elements-16 wp-block-paragraph\">4 - Organiser ou s'occuper de <a rel=\"nofollow\" href=\"https:\/\/freeazawad.com\/fr\/manifestation-in-paris-against-the-massacres-on-civilians-in-azawad-and-the-sahel-was-held-today\/\">manifestations<\/a> contre la <a href=\"https:\/\/amazighworldnews.com\/the-crucial-amazigh-issue-that-many-are-not-aware-of-azawad-conflict-with-mali\/\">g\u00e9nocide<\/a> des civils de l'Azawad.<\/p>\n\n\n\n<p class=\"has-link-color wp-elements-17 wp-block-paragraph\">5 - Contacter des organisations telles que <a href=\"https:\/\/azawadsolidarity.com\/\">Solidarit\u00e9 Azawad<\/a> et demandez s'il existe des collectes pour les r\u00e9fugi\u00e9s qui ont besoin de soutien. Contactez d'autres organisations telles que <a href=\"https:\/\/www.imuhagh.org\/index.php\/home\">Imohaugh International<\/a> et voir o\u00f9 le soutien est n\u00e9cessaire.<\/p>\n\n\n\n<p class=\"has-link-color wp-elements-18 wp-block-paragraph\">6 - \u00c9crire ou lire un livre ! <a href=\"https:\/\/www.amazon.com\/Man-Sahara-Long-Tuareg-Statehood\/dp\/1800314671\">Akli Sh*kka<\/a>&nbsp;Il a \u00e9crit un excellent livre\u2026 (en anglais, mais une version PDF en fran\u00e7ais est disponible en lecture et en t\u00e9l\u00e9chargement). <a href=\"https:\/\/freeazawad.com\/fr\/man-of-the-sahara-by-akli-shkka-is-now-available-in-a-french-pdf-version\/\">sur cette page web).<\/a><\/p>\n\n\n\n<p class=\"wp-block-paragraph\">7 - \u00c9coutez et soutenez les groupes de blues du d\u00e9sert. Ils chantent souvent la souffrance du peuple de l'Azawad, ainsi que de la po\u00e9sie, la vie dans le d\u00e9sert et la nostalgie. Leur musique s'appelle l'assouf, ou blues du d\u00e9sert. Et m\u00eame s'ils chantent principalement dans leur langue maternelle, le tamasheq, afin de pr\u00e9server cette langue menac\u00e9e, leurs albums sont souvent traduits. Gr\u00e2ce \u00e0 la musique, nous pouvons continuer \u00e0 apprendre, car la musique est un langage universel.<\/p>\n\n\n\n<p class=\"wp-block-paragraph\">Et leur musique est tellement bonne qu'elle parle directement \u00e0 l'\u00e2me.<\/p>\n\n\n\n<hr class=\"is-style-wide wp-block-separator has-alpha-channel-opacity\"\/>\n\n\n\n<p class=\"wp-block-paragraph\"><\/p>\n\n\n\n<p class=\"wp-block-paragraph\"><\/p>\n\n\n\n<p class=\"wp-block-paragraph\"><\/p>\n\n\n\n<p class=\"wp-block-paragraph\"><\/p>\n\n\n\n<p class=\"wp-block-paragraph\"><\/p>\n\n\n\n<p class=\"wp-block-paragraph\"><\/p>\n\n\n\n<p class=\"wp-block-paragraph\"><\/p>\n\n\n\n<p class=\"wp-block-paragraph\"><\/p>\n\n\n\n<p class=\"has-text-align-center has-link-color wp-elements-19 wp-block-paragraph\"><a href=\"https:\/\/freeazawad.com\/fr\/\">PAGE  D\u00b4ACCUEIL<\/a><\/p>\n\n\n\n<p class=\"has-link-color wp-elements-20 wp-block-paragraph\"><\/p>\n\n\n\n<p class=\"wp-block-paragraph\"><\/p>","protected":false},"excerpt":{"rendered":"<p>Combattants de la libert\u00e9, \u00e9crivains de la libert\u00e9 !<\/p>","protected":false},"author":1,"featured_media":0,"parent":0,"menu_order":0,"comment_status":"closed","ping_status":"closed","template":"","meta":{"nf_dc_page":"","_monsterinsights_skip_tracking":false,"advanced_seo_description":"","jetpack_seo_html_title":"","jetpack_seo_noindex":false,"jetpack_seo_schema_type":"","footnotes":""},"class_list":["post-700","page","type-page","status-publish","hentry"],"jetpack_sharing_enabled":true,"_links":{"self":[{"href":"https:\/\/freeazawad.com\/fr\/wp-json\/wp\/v2\/pages\/700","targetHints":{"allow":["GET"]}}],"collection":[{"href":"https:\/\/freeazawad.com\/fr\/wp-json\/wp\/v2\/pages"}],"about":[{"href":"https:\/\/freeazawad.com\/fr\/wp-json\/wp\/v2\/types\/page"}],"author":[{"embeddable":true,"href":"https:\/\/freeazawad.com\/fr\/wp-json\/wp\/v2\/users\/1"}],"replies":[{"embeddable":true,"href":"https:\/\/freeazawad.com\/fr\/wp-json\/wp\/v2\/comments?post=700"}],"version-history":[{"count":20,"href":"https:\/\/freeazawad.com\/fr\/wp-json\/wp\/v2\/pages\/700\/revisions"}],"predecessor-version":[{"id":11787,"href":"https:\/\/freeazawad.com\/fr\/wp-json\/wp\/v2\/pages\/700\/revisions\/11787"}],"wp:attachment":[{"href":"https:\/\/freeazawad.com\/fr\/wp-json\/wp\/v2\/media?parent=700"}],"curies":[{"name":"wp","href":"https:\/\/api.w.org\/{rel}","templated":true}]}}